{"id":33,"date":"2025-12-31T10:47:04","date_gmt":"2025-12-31T10:47:04","guid":{"rendered":"https:\/\/onkologie-bellevue.ch\/?page_id=33"},"modified":"2026-02-19T10:51:26","modified_gmt":"2026-02-19T09:51:26","slug":"about-us","status":"publish","type":"page","link":"https:\/\/onkologie-bellevue.ch\/index.php\/about-us\/","title":{"rendered":"\u00dcber uns"},"content":{"rendered":"\n<div class=\"wp-block-cover alignwide is-light has-aspect-ratio\" style=\"padding-top:0;padding-bottom:0;aspect-ratio:auto;min-height:unset;\"><img loading=\"lazy\" decoding=\"async\" width=\"2560\" height=\"510\" class=\"wp-block-cover__image-background wp-image-419 size-full\" alt=\"\" src=\"https:\/\/onkologie-bellevue.ch\/wp-content\/uploads\/2026\/01\/menu-pic-ueber-uns-scaled.png\" data-object-fit=\"cover\" srcset=\"https:\/\/onkologie-bellevue.ch\/wp-content\/uploads\/2026\/01\/menu-pic-ueber-uns-scaled.png 2560w, https:\/\/onkologie-bellevue.ch\/wp-content\/uploads\/2026\/01\/menu-pic-ueber-uns-300x60.png 300w, https:\/\/onkologie-bellevue.ch\/wp-content\/uploads\/2026\/01\/menu-pic-ueber-uns-1024x204.png 1024w, https:\/\/onkologie-bellevue.ch\/wp-content\/uploads\/2026\/01\/menu-pic-ueber-uns-768x153.png 768w, https:\/\/onkologie-bellevue.ch\/wp-content\/uploads\/2026\/01\/menu-pic-ueber-uns-1536x306.png 1536w, https:\/\/onkologie-bellevue.ch\/wp-content\/uploads\/2026\/01\/menu-pic-ueber-uns-2048x408.png 2048w\" sizes=\"auto, (max-width: 2560px) 100vw, 2560px\" \/><span aria-hidden=\"true\" class=\"wp-block-cover__background has-pale-cyan-blue-background-color has-background-dim-30 has-background-dim\"><\/span><div class=\"wp-block-cover__inner-container is-layout-constrained wp-container-core-cover-is-layout-95730b41 wp-block-cover-is-layout-constrained\">\n<div style=\"height:200px\" aria-hidden=\"true\" class=\"wp-block-spacer\"><\/div>\n<\/div><\/div>\n\n\n\n<div style=\"height:48px\" aria-hidden=\"true\" class=\"wp-block-spacer\"><\/div>\n\n\n\n<div class=\"wp-block-advgb-adv-tabs advgb-tabs-wrapper advgb-tab-vert-desktop advgb-tab-vert-tablet advgb-tab-stack-mobile advgb-tabs-d23e9cfe-07b1-470d-84a5-2a772229cf0d advgb-dyn-b63e2190\" data-tab-active=\"0\"><ul class=\"advgb-tabs-panel\" role=\"tablist\"><li class=\"advgb-tab advgb-tab-active\" role=\"presentation\" style=\"background-color:#e0e0e0;border-style:none;border-width:1px;border-radius:10px\"><button class=\"advgb-tab-button\" id=\"advgb-tab-_6d12f5-7b-0\" aria-controls=\"advgb-tab-panel-_6d12f5-7b-0\" role=\"tab\" aria-selected=\"true\" tabindex=\"0\" style=\"color:var(--ast-global-color-0);background:none;border:none;width:100%;text-align:inherit;cursor:pointer;padding:8px 16px;font:inherit\"><span>Dr. med. Basil A. B\u00e4ttig<\/span><\/button><\/li><li class=\"advgb-tab \" role=\"presentation\" style=\"background-color:#e0e0e0;border-style:none;border-width:1px;border-radius:10px\"><button class=\"advgb-tab-button\" id=\"advgb-tab-_6d12f5-7b-1\" aria-controls=\"advgb-tab-panel-_6d12f5-7b-1\" role=\"tab\" aria-selected=\"false\" tabindex=\"0\" style=\"color:var(--ast-global-color-0);background:none;border:none;width:100%;text-align:inherit;cursor:pointer;padding:8px 16px;font:inherit\"><span><a href=\"profdrkapp.html\">Prof. Dr. med. Ursula Kapp<\/a><\/span><\/button><\/li><li class=\"advgb-tab \" role=\"presentation\" style=\"background-color:#e0e0e0;border-style:none;border-width:1px;border-radius:10px\"><button class=\"advgb-tab-button\" id=\"advgb-tab-_6d12f5-7b-2\" aria-controls=\"advgb-tab-panel-_6d12f5-7b-2\" role=\"tab\" aria-selected=\"false\" tabindex=\"0\" style=\"color:var(--ast-global-color-0);background:none;border:none;width:100%;text-align:inherit;cursor:pointer;padding:8px 16px;font:inherit\"><span><a href=\"drschaefer.html\">Dr. med. Carolin Sch\u00e4fer<\/a><\/span><\/button><\/li><li class=\"advgb-tab \" role=\"presentation\" style=\"background-color:#e0e0e0;border-style:none;border-width:1px;border-radius:10px\"><button class=\"advgb-tab-button\" id=\"advgb-tab-_6d12f5-7b-3\" aria-controls=\"advgb-tab-panel-_6d12f5-7b-3\" role=\"tab\" aria-selected=\"false\" tabindex=\"0\" style=\"color:var(--ast-global-color-0);background:none;border:none;width:100%;text-align:inherit;cursor:pointer;padding:8px 16px;font:inherit\"><span><a href=\"http:\/\/praxisteam.html\">Unser Praxisteam<\/a><\/span><\/button><\/li><li class=\"advgb-tab \" role=\"presentation\" style=\"background-color:#e0e0e0;border-style:none;border-width:1px;border-radius:10px\"><button class=\"advgb-tab-button\" id=\"advgb-tab-_6d12f5-7b-4\" aria-controls=\"advgb-tab-panel-_6d12f5-7b-4\" role=\"tab\" aria-selected=\"false\" tabindex=\"0\" style=\"color:var(--ast-global-color-0);background:none;border:none;width:100%;text-align:inherit;cursor:pointer;padding:8px 16px;font:inherit\"><span><a href=\"http:\/\/praxis.html\">Die Praxis<\/a><\/span><\/button><\/li><li class=\"advgb-tab \" role=\"presentation\" style=\"background-color:#e0e0e0;border-style:none;border-width:1px;border-radius:10px\"><button class=\"advgb-tab-button\" id=\"advgb-tab-_6d12f5-7b-5\" aria-controls=\"advgb-tab-panel-_6d12f5-7b-5\" role=\"tab\" aria-selected=\"false\" tabindex=\"0\" style=\"color:var(--ast-global-color-0);background:none;border:none;width:100%;text-align:inherit;cursor:pointer;padding:8px 16px;font:inherit\"><span><a href=\"vernetzung.html\">Vernetzung<\/a><\/span><\/button><\/li><\/ul><div class=\"advgb-tab-body-wrapper\" style=\"border-style:none;border-width:1px;border-radius:10px\">\n<div class=\"wp-block-advgb-tab advgb-tab-body-container\"><div class=\"advgb-tab-body-header advgb-tab-class- \" id=\"advgb-tab-panel-_6d12f5-7b-0\" role=\"tabpanel\" aria-labelledby=\"advgb-tab-_6d12f5-7b-0\" tabindex=\"0\"><span>Dr. med. Basil A. B\u00e4ttig<\/span><\/div><div class=\"advgb-tab-_6d12f5-7b advgb-tab-body\" aria-labelledby=\"advgb-tab-panel-_6d12f5-7b-0\" style=\"display:none\">\n<div class=\"wp-block-columns is-layout-flex wp-container-core-columns-is-layout-28f84493 wp-block-columns-is-layout-flex\">\n<div class=\"wp-block-column has-medium-font-size is-layout-flow wp-block-column-is-layout-flow\" style=\"flex-basis:66.66%\">\n<figure class=\"wp-block-table alignfull is-style-stripes has-medium-font-size advgb-dyn-192c8f5f\"><table class=\"has-fixed-layout\" style=\"border-style:none;border-width:0px\"><tbody><tr><td>1980 \u2013 1986<\/td><td>Medizinstudium und Staatsexamen an der Universit\u00e4t Z\u00fcrich<\/td><\/tr><tr><td>1987 \u2013 1989<\/td><td>Assistenzarzt Medizinische Poliklinik, Universit\u00e4tsspital Z\u00fcrich,<br>Abt. Hypertonie, Prof. W. Siegenthaler, Prof. W. Vetter<\/td><\/tr><tr><td>1989 \u2013 1992<\/td><td>Assistenzarzt Medizinische Klinik, Universit\u00e4tsspital Z\u00fcrich,<br>Prof. P. Frick, Prof. F. Follath<\/td><\/tr><tr><td>1992<\/td><td>Facharzt f\u00fcr Innere Medizin FMH<\/td><\/tr><tr><td>1992 \u2013 1995<\/td><td>Oberarzt und Chefarztstellvertreter Medizinische Klinik,<br>Dr. med. A. Frei, Kreisspital R\u00fcti \/ Z\u00fcrcher Oberland<\/td><\/tr><tr><td>1995 \u2013 1996<\/td><td>Assistenzarzt Onkologie, Medizinische Klinik C, Kantonsspital St. Gallen, Prof. H.J. Senn<\/td><\/tr><tr><td>1996 \u2013 1997<\/td><td>Assistenzarzt Institut f\u00fcr Medizinische Onkologie, Inselspital Bern, Prof. M.F. Fey<\/td><\/tr><tr><td>1997<\/td><td>Oberarzt Onkologie, Medizinische Klinik, Kantonsspital Luzern,<br>Prof. R. Joss<\/td><\/tr><tr><td>1998<\/td><td>Facharzt f\u00fcr Onkologie-H\u00e4matologie<\/td><\/tr><tr><td>1999<\/td><td>Oberarzt-Stv. Institut f\u00fcr Medizinische Onkologie, Inselspital Bern, Prof. M.F. Fey<\/td><\/tr><tr><td>Seit Mai 2010<\/td><td>Eigene Onkologische Praxis an der Stadelhoferstr. 42, Z\u00fcrich<\/td><\/tr><tr><td>1998 \u2013 2013<\/td><td>Konsiliararzt Spital Zollikerberg<\/td><\/tr><tr><td>Seit 2013<\/td><td>Leitender Arzt Onkologie Spital Zollikerberg<\/td><\/tr><tr><td>2022<\/td><td>Umschreibung der Einzelpraxis in Onkologie Bellevue<\/td><\/tr><\/tbody><\/table><\/figure>\n<\/div>\n\n\n\n<div class=\"wp-block-column is-layout-flow wp-block-column-is-layout-flow\" style=\"flex-basis:33.33%\">\n<figure class=\"wp-block-image size-full is-resized has-custom-border\"><img loading=\"lazy\" decoding=\"async\" width=\"180\" height=\"239\" src=\"https:\/\/onkologie-bellevue.ch\/wp-content\/uploads\/2026\/01\/baba_portrait.jpg\" alt=\"\" class=\"wp-image-112\" style=\"border-width:1px;border-top-left-radius:5px;border-top-right-radius:5px;border-bottom-left-radius:5px;border-bottom-right-radius:5px;width:281px;height:auto\"\/><\/figure>\n<\/div>\n<\/div>\n\n\n\n<p class=\"has-medium-font-size\"><strong>Vernetzung mit weiteren Kliniken<\/strong><br>\u2013 Leitender Arzt Onkologie am Spital Zollikerberg, Z\u00fcrich<br>\u2013 Belegarzt in der Privatklinik Bethanien, Z\u00fcrich<br>\u2013 Belegarzt in der Klinik Hirslanden, Z\u00fcrich<br>\u2013 Konsiliararzt an der Klinik Pyramide, Z\u00fcrich (Zentrum f\u00fcr Brustkrebschirurgie)<\/p>\n\n\n\n<p class=\"has-medium-font-size\"><strong>Mitgliedschaften<\/strong><br>\u2013 ASCO American Society of Clinical Oncology<br>\u2013 Brustcentrum Z\u00fcrich Bethanien<br>\u2013 ESMO European Society of Medical Oncology<br>\u2013 Interdigest Z\u00fcrich Bethanien<br>\u2013 SGS Schweizerische Gesellschaft f\u00fcr Senologie (Brusterkrankungen)<br>\u2013 SGIM Schweizerische Gesellschaft f\u00fcr Innere Medizin<\/p>\n<\/div><\/div>\n\n\n\n<div class=\"wp-block-advgb-tab advgb-tab-body-container\"><div class=\"advgb-tab-body-header advgb-tab-class- \" id=\"advgb-tab-panel-_6d12f5-7b-1\" role=\"tabpanel\" aria-labelledby=\"advgb-tab-_6d12f5-7b-1\" tabindex=\"0\"><span><a href=\"profdrkapp.html\">Prof. Dr. med. Ursula Kapp<\/a><\/span><\/div><div class=\"advgb-tab-_6d12f5-7b advgb-tab-body\" aria-labelledby=\"advgb-tab-panel-_6d12f5-7b-1\" style=\"display:none\">\n<div class=\"wp-block-columns is-layout-flex wp-container-core-columns-is-layout-28f84493 wp-block-columns-is-layout-flex\">\n<div class=\"wp-block-column is-layout-flow wp-block-column-is-layout-flow\" style=\"flex-basis:66.66%\">\n<figure class=\"wp-block-table alignfull is-style-stripes has-medium-font-size\"><table class=\"has-fixed-layout\"><tbody><tr><td>1983 \u2013 1990<\/td><td>Medizinstudium an der Universit\u00e4t zu K\u00f6ln<\/td><\/tr><tr><td>1990 \u2013 1995<\/td><td>Assistenz\u00e4rztin Universit\u00e4tsklinikum K\u00f6ln, Medizinische Klinik I f\u00fcr<br>Innere Medizin (H\u00e4matologie\/Onkologie, Infektiologie, Nephrologie,<br>Gastroenterologie), Prof. Dr. med. Volker Diehl<\/td><\/tr><tr><td>1992<\/td><td>Promotion, Zentrum f\u00fcr Anatomie der Universit\u00e4t zu K\u00f6ln, Prof. Dr. med. Benno Kummer<\/td><\/tr><tr><td>1995 \u2013 1997<\/td><td>Postdoctoral Fellow, Ausbildungsstipendium der Dr. Mildred Scheel-Stiftung, Deutsche Krebshilfe, Hospital for Sick Children,<br>Departement of Genetics, Toronto, Prof. John E. Dick<\/td><\/tr><tr><td>1997 \u2013 1998<\/td><td>Oberarzt und Chefarztstellvertreter Medizinische Klinik,<br>Dr. med. A. Frei, Kreisspital R\u00fcti \/ Z\u00fcrcher Oberland<\/td><\/tr><tr><td>1999 \u2013 2004<\/td><td>Wissenschaftliche Mitarbeiterin\/Assistenz\u00e4rztin Universit\u00e4tsklinikum<br>Freiburg i. Br., Innere Medizin I (H\u00e4matologie\/Onkologie), Prof. Dr. Roland Mertelsmann<\/td><\/tr><tr><td>2000<\/td><td>Habilitation an der Albert-Ludwigs-Universit\u00e4t Freiburg im Breisgau,<br>Charakterisierung von Hodgkin- und Reed-Sternberg-Zellen<\/td><\/tr><tr><td>2004<\/td><td>Facharzttitel Innere Medizin &amp; H\u00e4matologie\/Internistische Onkologie<\/td><\/tr><tr><td>2004 \u2013 2008<\/td><td>Praxispartnerin Tumorzentrum St. Gallen, Prof. Dr. Hans J\u00f6rg Senn<\/td><\/tr><tr><td>2006<\/td><td>Eidgen\u00f6ssischer Facharzttitel FMH f\u00fcr Medizinische Onkologie<\/td><\/tr><tr><td>2008 \u2013 2013<\/td><td>Spital M\u00e4nnedorf, Onkologie Zentrum, Leitende \u00c4rztin<\/td><\/tr><tr><td>2014 \u2013 2019<\/td><td>Spital Wetzikon, Onkologie, Leitende \u00c4rztin, Abteilungsleiterin<\/td><\/tr><tr><td>2019 \u2013 2025<\/td><td>Chef\u00e4rztin Klinik f\u00fcr H\u00e4matologie\/Onkologie, Spital Wetzikon, GZO<\/td><\/tr><tr><td>Seit 07\/2025<\/td><td>Praxist\u00e4tigkeit Onkologie Bellevue<\/td><\/tr><\/tbody><\/table><\/figure>\n\n\n\n<p class=\"has-medium-font-size\"><strong>Vernetzung mit weiteren Kliniken<\/strong><br>\u2013 Fachpraxen AG Spital Zollikerberg<\/p>\n\n\n\n<p class=\"has-medium-font-size\"><strong>Mitgliedschaften<\/strong><br>\u2013 ASCO American Society of Clinical Oncology<br>\u2013 ESMO European Society of Medical Oncology<br>\u2013 Schweizerische Arbeitsgemeinschaft f\u00fcr Klinische Krebsforschung (SAKK)<br>\u2013 Deutsche Gesellschaft f\u00fcr H\u00e4matologie und Onkologie (DGHO)<br>\u2013 Schweizer Gesellschaft f\u00fcr Medizinische Onkologie (SGMO)<br>\u2013 Deutsche Gesellschaft f\u00fcr Innere Medizin (DGIM)<br>\u2013 Schweizer Gesellschaft f\u00fcr Innere Medizin (SGIM)<br>\u2013 Verbindung der Schweizer \u00c4rztinnen und \u00c4rzte (FMH)<br>\u2013 \u00c4rztegesellschaft des Kantons Z\u00fcrich (AGZ)<\/p>\n<\/div>\n\n\n\n<div class=\"wp-block-column is-layout-flow wp-block-column-is-layout-flow\" style=\"flex-basis:33.33%\">\n<figure class=\"wp-block-image size-full is-resized has-custom-border\"><img loading=\"lazy\" decoding=\"async\" width=\"180\" height=\"239\" src=\"https:\/\/onkologie-bellevue.ch\/wp-content\/uploads\/2026\/01\/kaur_portrait.jpg\" alt=\"\" class=\"wp-image-121\" style=\"border-width:1px;border-top-left-radius:5px;border-top-right-radius:5px;border-bottom-left-radius:5px;border-bottom-right-radius:5px;width:335px;height:auto\"\/><\/figure>\n<\/div>\n<\/div>\n<\/div><\/div>\n\n\n\n<div class=\"wp-block-advgb-tab advgb-tab-body-container\"><div class=\"advgb-tab-body-header advgb-tab-class- \" id=\"advgb-tab-panel-_6d12f5-7b-2\" role=\"tabpanel\" aria-labelledby=\"advgb-tab-_6d12f5-7b-2\" tabindex=\"0\"><span><a href=\"drschaefer.html\">Dr. med. Carolin Sch\u00e4fer<\/a><\/span><\/div><div class=\"advgb-tab-_6d12f5-7b advgb-tab-body\" aria-labelledby=\"advgb-tab-panel-_6d12f5-7b-2\" style=\"display:none\">\n<div class=\"wp-block-columns is-layout-flex wp-container-core-columns-is-layout-28f84493 wp-block-columns-is-layout-flex\">\n<div class=\"wp-block-column is-layout-flow wp-block-column-is-layout-flow\" style=\"flex-basis:66.66%\">\n<figure class=\"wp-block-table alignfull is-style-stripes has-medium-font-size\"><table class=\"has-fixed-layout\"><tbody><tr><td>1996 \u2013 2003<\/td><td>Medizinstudium an der LMU M\u00fcnchen und Albert-Ludwigs-Universit\u00e4t Freiburg i.Br.<\/td><\/tr><tr><td>2004<\/td><td>Promotion, Klinik f\u00fcr H\u00e4matologie und Onkologie, Universit\u00e4tsklinikum Freiburg, Deutschland<\/td><\/tr><tr><td>2003 \u2013 2005<\/td><td>Assistenz\u00e4rztin, Innere Medizin, Klinikum der Ludwig-Maximilians-Universit\u00e4t M\u00fcnchen, Deutschland (Prof. Dr. med. D. Schl\u00f6ndorff)<\/td><\/tr><tr><td>2005 \u2013 2010<\/td><td>Assistenz\u00e4rztin, Universit\u00e4tsspital Z\u00fcrich, Medizinische Onkologie und Innere Medizin (Prof. Dr. med. A. Knuth, Prof. Dr. med. E. Battegay)<\/td><\/tr><tr><td>2006<\/td><td>Universit\u00e4tsspital Z\u00fcrich, Labor f\u00fcr Tumorimmunologie (Labor Prof. Dr. A. Knuth, Prof. Dr. A. Zippelius)<\/td><\/tr><tr><td>2010<\/td><td>Facharzttitel Innere Medizin und medizinische Onkologie<\/td><\/tr><tr><td>2010 \u2013 2012<\/td><td>Ober\u00e4rztin, Medizinische Onkologie Kantonsspital Aarau (Dr. med. M. Wernli, Prof. Dr. med. Ch. Mamot)<\/td><\/tr><tr><td>2013 \u2013 2015<\/td><td>Ober\u00e4rztin, Medizinische Onkologie Stadtspital Triemli, Z\u00fcrich (Prof. Dr. med. Mathias Schmid)<\/td><\/tr><tr><td>2019 \u2013 2023<\/td><td>Allg. Innere Medizin, Hausarztmedizin, Medizentrum Ins, BE<\/td><\/tr><tr><td>2022 \u2013 2025<\/td><td>Stellvertretung Medizinische Onkologie, Praxis Oncocare, BE<\/td><\/tr><tr><td>2023 \u2013 2025<\/td><td>Allg. Innere Medizin, Hausarztmedizin, Praxis Merkurstrasse ZH<\/td><\/tr><tr><td>Seit 01\/2026<\/td><td>Praxist\u00e4tigkeit Onkologie Bellevue<\/td><\/tr><\/tbody><\/table><\/figure>\n\n\n\n<p class=\"has-medium-font-size\"><strong>Vernetzung mit weiteren Kliniken<\/strong><br>\u2013 Fachpraxen AG Spital Zollikerberg<\/p>\n\n\n\n<p class=\"has-medium-font-size\"><strong>Mitgliedschaften<\/strong><br>\u2013 Verbindung der Schweizer \u00c4rztinnen und \u00c4rzte (FMH)<br>\u2013 European Society of Medical Oncology (ESMO )<br>\u2013 Deutsche Gesellschaft f\u00fcr Innere Medizin (DGIM )<br>\u2013 Schweizer Gesellschaft f\u00fcr Medizinische Onkologie (SGMO)<br>\u2013 \u00c4rztegesellschaft des Kantons Z\u00fcrich (AGZ)<\/p>\n<\/div>\n\n\n\n<div class=\"wp-block-column is-layout-flow wp-block-column-is-layout-flow\" style=\"flex-basis:33.33%\">\n<figure class=\"wp-block-image size-full is-resized has-custom-border\"><img loading=\"lazy\" decoding=\"async\" width=\"156\" height=\"207\" src=\"https:\/\/onkologie-bellevue.ch\/wp-content\/uploads\/2026\/01\/scca.jpg\" alt=\"\" class=\"wp-image-126\" style=\"border-width:1px;border-top-left-radius:5px;border-top-right-radius:5px;border-bottom-left-radius:5px;border-bottom-right-radius:5px;width:335px;height:auto\"\/><\/figure>\n<\/div>\n<\/div>\n<\/div><\/div>\n\n\n\n<div class=\"wp-block-advgb-tab advgb-tab-body-container\"><div class=\"advgb-tab-body-header advgb-tab-class- \" id=\"advgb-tab-panel-_6d12f5-7b-3\" role=\"tabpanel\" aria-labelledby=\"advgb-tab-_6d12f5-7b-3\" tabindex=\"0\"><span><a href=\"http:\/\/praxisteam.html\">Unser Praxisteam<\/a><\/span><\/div><div class=\"advgb-tab-_6d12f5-7b advgb-tab-body\" aria-labelledby=\"advgb-tab-panel-_6d12f5-7b-3\" style=\"display:none\">\n<div class=\"wp-block-columns is-layout-flex wp-container-core-columns-is-layout-8d88fe0f wp-block-columns-is-layout-flex\" style=\"padding-top:var(--wp--preset--spacing--20);padding-bottom:var(--wp--preset--spacing--20)\">\n<div class=\"wp-block-column is-layout-flow wp-block-column-is-layout-flow\">\n<div class=\"wp-block-group is-layout-constrained wp-block-group-is-layout-constrained\">\n<figure class=\"wp-block-image aligncenter size-full is-resized has-custom-border\"><img loading=\"lazy\" decoding=\"async\" width=\"180\" height=\"239\" src=\"https:\/\/onkologie-bellevue.ch\/wp-content\/uploads\/2026\/01\/kaur_portrait.jpg\" alt=\"\" class=\"wp-image-121\" style=\"border-width:1px;border-top-left-radius:5px;border-top-right-radius:5px;border-bottom-left-radius:5px;border-bottom-right-radius:5px;aspect-ratio:0.7531640885204648;width:172px;height:auto\"\/><\/figure>\n\n\n\n<h4 class=\"wp-block-heading has-text-align-center has-medium-font-size\"><strong>Prof. Dr. med.<\/strong><br><strong>Ursula Kapp<\/strong><\/h4>\n\n\n\n<p class=\"has-text-align-center has-small-font-size\">Spezial\u00e4rztin f\u00fcr Blut- und Krebskrankheiten<\/p>\n<\/div>\n<\/div>\n\n\n\n<div class=\"wp-block-column is-layout-flow wp-block-column-is-layout-flow\">\n<div class=\"wp-block-group is-layout-constrained wp-block-group-is-layout-constrained\">\n<figure class=\"wp-block-image aligncenter size-full is-resized has-custom-border\"><img loading=\"lazy\" decoding=\"async\" width=\"180\" height=\"239\" src=\"https:\/\/onkologie-bellevue.ch\/wp-content\/uploads\/2026\/01\/baba_portrait.jpg\" alt=\"\" class=\"wp-image-112\" style=\"border-width:1px;border-top-left-radius:5px;border-top-right-radius:5px;border-bottom-left-radius:5px;border-bottom-right-radius:5px;aspect-ratio:0.7531640885204648;width:172px;height:auto\"\/><\/figure>\n\n\n\n<h4 class=\"wp-block-heading has-text-align-center has-medium-font-size\"><strong>Dr. med.<\/strong><br><strong>Basil A. B\u00e4ttig<\/strong><\/h4>\n\n\n\n<p class=\"has-text-align-center has-small-font-size\">Spezialarzt f\u00fcr Blut- und Krebskrankheiten<\/p>\n<\/div>\n<\/div>\n\n\n\n<div class=\"wp-block-column is-layout-flow wp-block-column-is-layout-flow\">\n<div class=\"wp-block-group is-layout-constrained wp-block-group-is-layout-constrained\">\n<figure class=\"wp-block-image aligncenter size-full is-resized has-custom-border\"><img loading=\"lazy\" decoding=\"async\" width=\"180\" height=\"239\" src=\"https:\/\/onkologie-bellevue.ch\/wp-content\/uploads\/2026\/01\/scca-1.jpg\" alt=\"\" class=\"wp-image-141\" style=\"border-width:1px;border-top-left-radius:5px;border-top-right-radius:5px;border-bottom-left-radius:5px;border-bottom-right-radius:5px;aspect-ratio:0.7531640885204648;width:172px;height:auto\"\/><\/figure>\n\n\n\n<h4 class=\"wp-block-heading has-text-align-center has-medium-font-size\"><strong>Dr. med.<\/strong><br><strong>Carolin Sch\u00e4fer<\/strong><\/h4>\n\n\n\n<p class=\"has-text-align-center has-small-font-size\">Spezial\u00e4rztin f\u00fcr Blut- und Krebskrankheiten<\/p>\n<\/div>\n<\/div>\n<\/div>\n\n\n\n<div class=\"wp-block-columns is-layout-flex wp-container-core-columns-is-layout-8d88fe0f wp-block-columns-is-layout-flex\" style=\"padding-top:var(--wp--preset--spacing--20);padding-bottom:var(--wp--preset--spacing--20)\">\n<div class=\"wp-block-column is-layout-flow wp-block-column-is-layout-flow\">\n<div class=\"wp-block-group is-layout-constrained wp-block-group-is-layout-constrained\">\n<figure class=\"wp-block-image aligncenter size-full is-resized has-custom-border\"><img loading=\"lazy\" decoding=\"async\" width=\"100\" height=\"140\" src=\"https:\/\/onkologie-bellevue.ch\/wp-content\/uploads\/2026\/01\/toan.jpg\" alt=\"\" class=\"wp-image-139\" style=\"border-width:1px;border-top-left-radius:5px;border-top-right-radius:5px;border-bottom-left-radius:5px;border-bottom-right-radius:5px;aspect-ratio:0.7531640885204648;width:172px;height:auto\"\/><\/figure>\n\n\n\n<h4 class=\"wp-block-heading has-text-align-center has-medium-font-size\"><strong>Aneta Tomic<\/strong><\/h4>\n\n\n\n<p class=\"has-text-align-center has-small-font-size\">Dipl. Pflegefachfrau H\u00f6Fa1<br>Onkologie, Leiterin Avita Spitex<\/p>\n<\/div>\n<\/div>\n\n\n\n<div class=\"wp-block-column is-layout-flow wp-block-column-is-layout-flow\">\n<div class=\"wp-block-group is-layout-constrained wp-block-group-is-layout-constrained\">\n<figure class=\"wp-block-image aligncenter size-full is-resized has-custom-border\"><img loading=\"lazy\" decoding=\"async\" width=\"100\" height=\"140\" src=\"https:\/\/onkologie-bellevue.ch\/wp-content\/uploads\/2026\/01\/rian.jpg\" alt=\"\" class=\"wp-image-137\" style=\"border-width:1px;border-top-left-radius:5px;border-top-right-radius:5px;border-bottom-left-radius:5px;border-bottom-right-radius:5px;aspect-ratio:0.7531640885204648;width:172px;height:auto\"\/><\/figure>\n\n\n\n<h4 class=\"wp-block-heading has-text-align-center has-medium-font-size\"><strong>Angelika Richardson<\/strong><\/h4>\n\n\n\n<p class=\"has-text-align-center has-small-font-size\">Arztsekret\u00e4rin<\/p>\n<\/div>\n<\/div>\n\n\n\n<div class=\"wp-block-column is-layout-flow wp-block-column-is-layout-flow\">\n<div class=\"wp-block-group is-layout-constrained wp-block-group-is-layout-constrained\">\n<figure class=\"wp-block-image aligncenter size-full is-resized has-custom-border\"><img loading=\"lazy\" decoding=\"async\" width=\"100\" height=\"140\" src=\"https:\/\/onkologie-bellevue.ch\/wp-content\/uploads\/2026\/01\/lees.jpg\" alt=\"\" class=\"wp-image-135\" style=\"border-width:1px;border-top-left-radius:5px;border-top-right-radius:5px;border-bottom-left-radius:5px;border-bottom-right-radius:5px;aspect-ratio:0.7531640885204648;width:172px;height:auto\"\/><\/figure>\n\n\n\n<h4 class=\"wp-block-heading has-text-align-center has-medium-font-size\"><strong>Esther Lehnherr<\/strong><\/h4>\n\n\n\n<p class=\"has-text-align-center has-small-font-size\">Dipl. Pflegefachfrau HF<br>Onkologie H\u00f6Fa1<\/p>\n<\/div>\n<\/div>\n<\/div>\n\n\n\n<div class=\"wp-block-columns is-layout-flex wp-container-core-columns-is-layout-8d88fe0f wp-block-columns-is-layout-flex\" style=\"padding-top:var(--wp--preset--spacing--20);padding-bottom:var(--wp--preset--spacing--20)\">\n<div class=\"wp-block-column is-layout-flow wp-block-column-is-layout-flow\">\n<div class=\"wp-block-group is-layout-constrained wp-block-group-is-layout-constrained\">\n<figure class=\"wp-block-image aligncenter size-full is-resized has-custom-border\"><img loading=\"lazy\" decoding=\"async\" width=\"100\" height=\"140\" src=\"https:\/\/onkologie-bellevue.ch\/wp-content\/uploads\/2026\/01\/frge.jpg\" alt=\"\" class=\"wp-image-132\" style=\"border-width:1px;border-top-left-radius:5px;border-top-right-radius:5px;border-bottom-left-radius:5px;border-bottom-right-radius:5px;aspect-ratio:0.7531640885204648;width:172px;height:auto\"\/><\/figure>\n\n\n\n<h4 class=\"wp-block-heading has-text-align-center has-medium-font-size\"><strong>Gerda Frutiger-Nadig<\/strong><\/h4>\n\n\n\n<p class=\"has-text-align-center has-small-font-size\">Buchhaltung<\/p>\n<\/div>\n<\/div>\n\n\n\n<div class=\"wp-block-column is-layout-flow wp-block-column-is-layout-flow\">\n<div class=\"wp-block-group is-layout-constrained wp-block-group-is-layout-constrained\">\n<figure class=\"wp-block-image aligncenter size-full is-resized has-custom-border\"><img loading=\"lazy\" decoding=\"async\" width=\"100\" height=\"140\" src=\"https:\/\/onkologie-bellevue.ch\/wp-content\/uploads\/2026\/01\/haje.jpg\" alt=\"\" class=\"wp-image-133\" style=\"border-width:1px;border-top-left-radius:5px;border-top-right-radius:5px;border-bottom-left-radius:5px;border-bottom-right-radius:5px;aspect-ratio:0.7531640885204648;width:172px;height:auto\"\/><\/figure>\n\n\n\n<h4 class=\"wp-block-heading has-text-align-center has-medium-font-size\"><strong>Jenny Hartwig<\/strong><\/h4>\n\n\n\n<p class=\"has-text-align-center has-small-font-size\">Dipl. Pflegefachfrau FA<br>Intensivpflege NDS P\u00e4diatrie<\/p>\n<\/div>\n<\/div>\n\n\n\n<div class=\"wp-block-column is-layout-flow wp-block-column-is-layout-flow\">\n<div class=\"wp-block-group is-layout-constrained wp-block-group-is-layout-constrained\">\n<figure class=\"wp-block-image aligncenter size-full is-resized has-custom-border\"><img loading=\"lazy\" decoding=\"async\" width=\"100\" height=\"140\" src=\"https:\/\/onkologie-bellevue.ch\/wp-content\/uploads\/2026\/01\/roan.jpg\" alt=\"\" class=\"wp-image-138\" style=\"border-width:1px;border-top-left-radius:5px;border-top-right-radius:5px;border-bottom-left-radius:5px;border-bottom-right-radius:5px;aspect-ratio:0.7531640885204648;width:172px;height:auto\"\/><\/figure>\n\n\n\n<h4 class=\"wp-block-heading has-text-align-center has-medium-font-size\"><strong>Andrea Rosemann-Bollinger<\/strong><\/h4>\n\n\n\n<p class=\"has-text-align-center has-small-font-size\">Dipl. Pflegefachfrau AKP<br>H\u00f6Fa1 Onkologie<\/p>\n<\/div>\n<\/div>\n<\/div>\n\n\n\n<div class=\"wp-block-columns is-layout-flex wp-container-core-columns-is-layout-8d88fe0f wp-block-columns-is-layout-flex\" style=\"padding-top:var(--wp--preset--spacing--20);padding-bottom:var(--wp--preset--spacing--20)\">\n<div class=\"wp-block-column is-layout-flow wp-block-column-is-layout-flow\">\n<div class=\"wp-block-group is-layout-constrained wp-block-group-is-layout-constrained\">\n<figure class=\"wp-block-image aligncenter size-full is-resized has-custom-border\"><img loading=\"lazy\" decoding=\"async\" width=\"100\" height=\"140\" src=\"https:\/\/onkologie-bellevue.ch\/wp-content\/uploads\/2026\/01\/fial.jpg\" alt=\"\" class=\"wp-image-131\" style=\"border-width:1px;border-top-left-radius:5px;border-top-right-radius:5px;border-bottom-left-radius:5px;border-bottom-right-radius:5px;aspect-ratio:0.7531640885204648;width:172px;height:auto\"\/><\/figure>\n\n\n\n<h4 class=\"wp-block-heading has-text-align-center has-medium-font-size\"><strong>Alexandra Fischer<\/strong><\/h4>\n\n\n\n<p class=\"has-text-align-center has-small-font-size\">Dipl. Exp. Intensivpflege<br>NDS HF P\u00e4diatrie<\/p>\n<\/div>\n<\/div>\n\n\n\n<div class=\"wp-block-column is-layout-flow wp-block-column-is-layout-flow\">\n<div class=\"wp-block-group is-layout-constrained wp-block-group-is-layout-constrained\">\n<figure class=\"wp-block-image aligncenter size-full is-resized has-custom-border\"><img loading=\"lazy\" decoding=\"async\" width=\"100\" height=\"140\" src=\"https:\/\/onkologie-bellevue.ch\/wp-content\/uploads\/2026\/01\/hera.jpg\" alt=\"\" class=\"wp-image-134\" style=\"border-width:1px;border-top-left-radius:5px;border-top-right-radius:5px;border-bottom-left-radius:5px;border-bottom-right-radius:5px;aspect-ratio:0.7531640885204648;width:172px;height:auto\"\/><\/figure>\n\n\n\n<h4 class=\"wp-block-heading has-text-align-center has-medium-font-size\"><strong>Rahel Hediger<\/strong><\/h4>\n\n\n\n<p class=\"has-text-align-center has-small-font-size\">Arztsekret\u00e4rin<\/p>\n<\/div>\n<\/div>\n\n\n\n<div class=\"wp-block-column is-layout-flow wp-block-column-is-layout-flow\">\n<div class=\"wp-block-group is-layout-constrained wp-block-group-is-layout-constrained\">\n<figure class=\"wp-block-image aligncenter size-full is-resized has-custom-border\"><img loading=\"lazy\" decoding=\"async\" width=\"100\" height=\"140\" src=\"https:\/\/onkologie-bellevue.ch\/wp-content\/uploads\/2026\/01\/oeda.jpg\" alt=\"\" class=\"wp-image-136\" style=\"border-width:1px;border-top-left-radius:5px;border-top-right-radius:5px;border-bottom-left-radius:5px;border-bottom-right-radius:5px;aspect-ratio:0.7531640885204648;width:172px;height:auto\"\/><\/figure>\n\n\n\n<h4 class=\"wp-block-heading has-text-align-center has-medium-font-size\"><strong>Dafne Oektem-Sinatra<\/strong><\/h4>\n\n\n\n<p class=\"has-text-align-center has-small-font-size\">Dipl. Pflegefachfrau NDS<br>Onkologie<\/p>\n<\/div>\n<\/div>\n<\/div>\n\n\n\n<div class=\"wp-block-columns is-layout-flex wp-container-core-columns-is-layout-8d88fe0f wp-block-columns-is-layout-flex\" style=\"padding-top:var(--wp--preset--spacing--20);padding-bottom:var(--wp--preset--spacing--20)\">\n<div class=\"wp-block-column is-layout-flow wp-block-column-is-layout-flow\">\n<div class=\"wp-block-group is-layout-constrained wp-block-group-is-layout-constrained\">\n<figure class=\"wp-block-image aligncenter size-full is-resized has-custom-border\"><img loading=\"lazy\" decoding=\"async\" width=\"100\" height=\"140\" src=\"https:\/\/onkologie-bellevue.ch\/wp-content\/uploads\/2026\/01\/zaka.jpg\" alt=\"\" class=\"wp-image-140\" style=\"border-width:1px;border-top-left-radius:5px;border-top-right-radius:5px;border-bottom-left-radius:5px;border-bottom-right-radius:5px;aspect-ratio:0.7531640885204648;width:172px;height:auto\"\/><\/figure>\n\n\n\n<h4 class=\"wp-block-heading has-text-align-center has-medium-font-size\"><strong>Karelia Zamora Matos<\/strong><\/h4>\n\n\n\n<p class=\"has-text-align-center has-small-font-size\">Arztsekret\u00e4rin<\/p>\n<\/div>\n<\/div>\n\n\n\n<div class=\"wp-block-column is-layout-flow wp-block-column-is-layout-flow\">\n<div class=\"wp-block-group is-layout-constrained wp-block-group-is-layout-constrained\">\n<figure class=\"wp-block-image aligncenter size-full is-resized has-custom-border\"><img loading=\"lazy\" decoding=\"async\" width=\"100\" height=\"140\" src=\"https:\/\/onkologie-bellevue.ch\/wp-content\/uploads\/2026\/01\/bama.jpg\" alt=\"\" class=\"wp-image-130\" style=\"border-width:1px;border-top-left-radius:5px;border-top-right-radius:5px;border-bottom-left-radius:5px;border-bottom-right-radius:5px;aspect-ratio:0.7531640885204648;width:172px;height:auto\"\/><\/figure>\n\n\n\n<h4 class=\"wp-block-heading has-text-align-center has-medium-font-size\"><strong><strong>Marinela Bayha<\/strong><\/strong><\/h4>\n\n\n\n<p class=\"has-text-align-center has-small-font-size\">Studienkoordinatorin<\/p>\n<\/div>\n<\/div>\n\n\n\n<div class=\"wp-block-column is-layout-flow wp-block-column-is-layout-flow\"><\/div>\n<\/div>\n<\/div><\/div>\n\n\n\n<div class=\"wp-block-advgb-tab advgb-tab-body-container\"><div class=\"advgb-tab-body-header advgb-tab-class- header-active\" id=\"advgb-tab-panel-_6d12f5-7b-4\" role=\"tabpanel\" aria-labelledby=\"advgb-tab-_6d12f5-7b-4\" tabindex=\"0\"><span><a href=\"http:\/\/praxis.html\">Die Praxis<\/a><\/span><\/div><div class=\"advgb-tab-_6d12f5-7b advgb-tab-body\" aria-labelledby=\"advgb-tab-panel-_6d12f5-7b-4\" style=\"display:block\">\n<p class=\"has-medium-font-size\">1935 wurden die R\u00e4umlichkeiten an der Stadelhoferstrasse 42 im Bauhausstil nach Pl\u00e4nen des Architekten Knell (Architekt des Hardturms) fertiggestellt.<br><br>Zuerst dienten sie privaten Zwecken. Die letzten 40 Jahre beherbergten sie Patienten und Patientinnen einer Praxis f\u00fcr Herzkrankheiten mit R\u00f6ntgenapparaturen.<br><br>2010 wurden die R\u00e4umlichkeiten gr\u00fcndlich renoviert und umgebaut. Wiederherstellung der alten Geb\u00e4udearchitektur und auf eine onkologische Praxis ausgerichtete Funktionalit\u00e4t standen im Mittelpunkt. In unseren beiden Behandlungszimmern, die mit Therapieliegen ausgestattet sind, verabreichen wir Infusionstherapien jeglicher Dauer.<\/p>\n\n\n\n<div class=\"wp-block-advgb-columns alignfull advgb-columns-wrapper\" id=\"advgb-cols-1024e07e-89cf-4e93-980b-532685147651\"><div class=\"advgb-columns-container\"><div class=\"advgb-columns advgb-columns-row advgb-is-mobile columns-valign-middle advgb-columns-2 layout-12-12 tbl-layout-12-12 mbl-layout-12-12 vgutter-10\">\n<div class=\"wp-block-advgb-column advgb-column advgb-is-half-desktop advgb-is-half-tablet advgb-is-half-mobile\" id=\"advgb-col-78eef119-8c8a-4297-81fd-69d3660721de\"><div class=\"advgb-column-inner\" style=\"border-style:none;border-width:1px\">\n<figure class=\"wp-block-image size-large has-custom-border\"><img loading=\"lazy\" decoding=\"async\" width=\"320\" height=\"240\" src=\"https:\/\/onkologie-bellevue.ch\/wp-content\/uploads\/2026\/01\/praxis_1.jpg\" alt=\"\" class=\"wp-image-144\" style=\"border-width:1px;border-top-left-radius:5px;border-top-right-radius:5px;border-bottom-left-radius:5px;border-bottom-right-radius:5px\" srcset=\"https:\/\/onkologie-bellevue.ch\/wp-content\/uploads\/2026\/01\/praxis_1.jpg 320w, https:\/\/onkologie-bellevue.ch\/wp-content\/uploads\/2026\/01\/praxis_1-300x225.jpg 300w\" sizes=\"auto, (max-width: 320px) 100vw, 320px\" \/><\/figure>\n<\/div><\/div>\n\n\n\n<div class=\"wp-block-advgb-column advgb-column advgb-is-half-desktop advgb-is-half-tablet advgb-is-half-mobile\" id=\"advgb-col-a7829d01-0e46-438b-98e6-02dcdee92f5e\"><div class=\"advgb-column-inner\" style=\"border-style:none;border-width:1px\">\n<figure class=\"wp-block-image size-large has-custom-border\"><img loading=\"lazy\" decoding=\"async\" width=\"320\" height=\"240\" src=\"https:\/\/onkologie-bellevue.ch\/wp-content\/uploads\/2026\/01\/praxis_2.jpg\" alt=\"\" class=\"wp-image-147\" style=\"border-width:1px;border-top-left-radius:6px;border-top-right-radius:6px;border-bottom-left-radius:6px;border-bottom-right-radius:6px\" srcset=\"https:\/\/onkologie-bellevue.ch\/wp-content\/uploads\/2026\/01\/praxis_2.jpg 320w, https:\/\/onkologie-bellevue.ch\/wp-content\/uploads\/2026\/01\/praxis_2-300x225.jpg 300w\" sizes=\"auto, (max-width: 320px) 100vw, 320px\" \/><\/figure>\n<\/div><\/div>\n<\/div><\/div><\/div>\n\n\n\n<div class=\"wp-block-advgb-columns advgb-columns-wrapper\" id=\"advgb-cols-58b06095-02b8-4098-ae92-bf0d8e83a8c2\"><div class=\"advgb-columns-container\"><div class=\"advgb-columns advgb-columns-row advgb-is-mobile columns-valign-middle advgb-columns-2 layout-12-12 tbl-layout-12-12 mbl-layout-12-12 vgutter-10\">\n<div class=\"wp-block-advgb-column advgb-column advgb-is-half-desktop advgb-is-half-tablet advgb-is-half-mobile\" id=\"advgb-col-a425757b-8885-459e-a252-055edd1c2a90\"><div class=\"advgb-column-inner\" style=\"border-style:none;border-width:1px\">\n<figure class=\"wp-block-image size-large has-custom-border\"><img loading=\"lazy\" decoding=\"async\" width=\"317\" height=\"238\" src=\"https:\/\/onkologie-bellevue.ch\/wp-content\/uploads\/2026\/01\/praxis_3.jpg\" alt=\"\" class=\"wp-image-145\" style=\"border-width:1px;border-top-left-radius:5px;border-top-right-radius:5px;border-bottom-left-radius:5px;border-bottom-right-radius:5px\" srcset=\"https:\/\/onkologie-bellevue.ch\/wp-content\/uploads\/2026\/01\/praxis_3.jpg 317w, https:\/\/onkologie-bellevue.ch\/wp-content\/uploads\/2026\/01\/praxis_3-300x225.jpg 300w\" sizes=\"auto, (max-width: 317px) 100vw, 317px\" \/><\/figure>\n<\/div><\/div>\n\n\n\n<div class=\"wp-block-advgb-column advgb-column advgb-is-half-desktop advgb-is-half-tablet advgb-is-half-mobile\" id=\"advgb-col-ae59af9b-a113-48f3-92b1-661e9b558bbe\"><div class=\"advgb-column-inner\" style=\"border-style:none;border-width:1px\">\n<figure class=\"wp-block-image size-large has-custom-border\"><img loading=\"lazy\" decoding=\"async\" width=\"317\" height=\"238\" src=\"https:\/\/onkologie-bellevue.ch\/wp-content\/uploads\/2026\/01\/praxis_4.jpg\" alt=\"\" class=\"wp-image-146\" style=\"border-width:1px;border-top-left-radius:5px;border-top-right-radius:5px;border-bottom-left-radius:5px;border-bottom-right-radius:5px\" srcset=\"https:\/\/onkologie-bellevue.ch\/wp-content\/uploads\/2026\/01\/praxis_4.jpg 317w, https:\/\/onkologie-bellevue.ch\/wp-content\/uploads\/2026\/01\/praxis_4-300x225.jpg 300w\" sizes=\"auto, (max-width: 317px) 100vw, 317px\" \/><\/figure>\n<\/div><\/div>\n<\/div><\/div><\/div>\n<\/div><\/div>\n\n\n\n<div class=\"wp-block-advgb-tab advgb-tab-body-container\"><div class=\"advgb-tab-body-header advgb-tab-class- \" id=\"advgb-tab-panel-_6d12f5-7b-5\" role=\"tabpanel\" aria-labelledby=\"advgb-tab-_6d12f5-7b-5\" tabindex=\"0\"><span><a href=\"vernetzung.html\">Vernetzung<\/a><\/span><\/div><div class=\"advgb-tab-_6d12f5-7b advgb-tab-body\" aria-labelledby=\"advgb-tab-panel-_6d12f5-7b-5\" style=\"display:none\">\n<p class=\"has-medium-font-size\">Vernetzung mit weiteren Kliniken<br>Tumorboards<br><br>\u2022  Leitender Arzt Onkologie am Spital Zollikerberg, Z\u00fcrich<br>\u2022  Belegarzt in der Privatklinik Bethanien, Z\u00fcrich <br>\u2022  Belegarzt in der Klinik Hirslanden, Z\u00fcrich<br>\u2022  Konsiliararzt Klinik Pyramide, Z\u00fcrich (Zentrum f\u00fcr Brustkrebschirurgie)<br><br>Vernetzung bedeutet Sicherheit, Informationsaustausch, Betreuungsstabilit\u00e4t und Optimierung der Behandlung. Die Onkologie Bellevue ist eine Privatpraxis. Unabh\u00e4ngigkeit und deshalb breiteste Vernetzung sollen zum Vorteil Ihrer Betreuung beitragen. Die Onkologiepraxis Bellevue ist fest in der freien \u00c4rzteschaft verankert und findet engste Kooperation mit \u00f6ffentlichen Spit\u00e4lern der \u00f6ffentlichen Hand und Privatkliniken.<br><br>Engere Zusammenarbeit besteht mit dem Spital Zollikerberg, der Klinik Bethanien und der Klinik Pyramide am See. Lockere Kooperationen bestehen mit der Klinik Hirslanden und weitere Beziehung bestehen zur Klinik im Park und anderen Spit\u00e4lern der \u00f6ffentlichen Hand.<br><br>Krebsbehandlungen sollten interdisziplin\u00e4r diskutiert werden. In regelm\u00e4ssig stattfindenden Tumorboards nehmen unterschiedliche Fachpersonen teil und besprechen konkrete Behandlungstrategien gemeinsam.<br><br>Dr. Basil A. B\u00e4ttig beteiligt sich regelm\u00e4ssig an den Tumorboardes des Spitals Zollikerberg, des Brustcentrums Bethanien (https:\/\/www.brustcentrum-zuerich.ch) und Interdigest Bethanien (https:\/\/interdigest.ch) und pflegt enge Zusammenarbeit mit den Beleg\u00e4rzten der Gyn\u00e4kologie, Viszeralchirurgie, Urologie und anderen Spezialisten. Am Brustzentrum der Klinik Pyramide am See ist Dr. Basil A. B\u00e4ttig als beratender (konsiliarischer) Arzt t\u00e4tig.<\/p>\n<\/div><\/div>\n<\/div><\/div>\n<style class=\"advgb-styles-renderer\">#advgb-col-78eef119-8c8a-4297-81fd-69d3660721de>.advgb-column-inner{text-align:center;}@media screen and (max-width: 1023px) {#advgb-col-78eef119-8c8a-4297-81fd-69d3660721de>.advgb-column-inner{}}@media screen and (max-width: 767px) {#advgb-col-78eef119-8c8a-4297-81fd-69d3660721de>.advgb-column-inner{text-align:center;}}#advgb-col-a7829d01-0e46-438b-98e6-02dcdee92f5e>.advgb-column-inner{text-align:center;}@media screen and (max-width: 1023px) {#advgb-col-a7829d01-0e46-438b-98e6-02dcdee92f5e>.advgb-column-inner{}}@media screen and (max-width: 767px) {#advgb-col-a7829d01-0e46-438b-98e6-02dcdee92f5e>.advgb-column-inner{text-align:center;}}#advgb-cols-1024e07e-89cf-4e93-980b-532685147651{margin-top:50px;margin-right:50px;margin-bottom:50px;margin-left:50px;}@media screen and (max-width: 1023px) {#advgb-cols-1024e07e-89cf-4e93-980b-532685147651{}}@media screen and (max-width: 767px) {#advgb-cols-1024e07e-89cf-4e93-980b-532685147651{}}#advgb-col-78eef119-8c8a-4297-81fd-69d3660721de>.advgb-column-inner{text-align:center;}@media screen and (max-width: 1023px) {#advgb-col-78eef119-8c8a-4297-81fd-69d3660721de>.advgb-column-inner{}}@media screen and (max-width: 767px) {#advgb-col-78eef119-8c8a-4297-81fd-69d3660721de>.advgb-column-inner{text-align:center;}}#advgb-col-a7829d01-0e46-438b-98e6-02dcdee92f5e>.advgb-column-inner{text-align:center;}@media screen and (max-width: 1023px) {#advgb-col-a7829d01-0e46-438b-98e6-02dcdee92f5e>.advgb-column-inner{}}@media screen and (max-width: 767px) {#advgb-col-a7829d01-0e46-438b-98e6-02dcdee92f5e>.advgb-column-inner{text-align:center;}}#advgb-col-a425757b-8885-459e-a252-055edd1c2a90>.advgb-column-inner{text-align:center;}@media screen and (max-width: 1023px) {#advgb-col-a425757b-8885-459e-a252-055edd1c2a90>.advgb-column-inner{}}@media screen and (max-width: 767px) {#advgb-col-a425757b-8885-459e-a252-055edd1c2a90>.advgb-column-inner{text-align:center;}}#advgb-col-ae59af9b-a113-48f3-92b1-661e9b558bbe>.advgb-column-inner{text-align:center;}@media screen and (max-width: 1023px) {#advgb-col-ae59af9b-a113-48f3-92b1-661e9b558bbe>.advgb-column-inner{}}@media screen and (max-width: 767px) {#advgb-col-ae59af9b-a113-48f3-92b1-661e9b558bbe>.advgb-column-inner{text-align:center;}}#advgb-cols-58b06095-02b8-4098-ae92-bf0d8e83a8c2{margin-top:50px;margin-right:50px;margin-bottom:48px;margin-left:50px;}@media screen and (max-width: 1023px) {#advgb-cols-58b06095-02b8-4098-ae92-bf0d8e83a8c2{}}@media screen and (max-width: 767px) {#advgb-cols-58b06095-02b8-4098-ae92-bf0d8e83a8c2{}}#advgb-col-a425757b-8885-459e-a252-055edd1c2a90>.advgb-column-inner{text-align:center;}@media screen and (max-width: 1023px) {#advgb-col-a425757b-8885-459e-a252-055edd1c2a90>.advgb-column-inner{}}@media screen and (max-width: 767px) {#advgb-col-a425757b-8885-459e-a252-055edd1c2a90>.advgb-column-inner{text-align:center;}}#advgb-col-ae59af9b-a113-48f3-92b1-661e9b558bbe>.advgb-column-inner{text-align:center;}@media screen and (max-width: 1023px) {#advgb-col-ae59af9b-a113-48f3-92b1-661e9b558bbe>.advgb-column-inner{}}@media screen and (max-width: 767px) {#advgb-col-ae59af9b-a113-48f3-92b1-661e9b558bbe>.advgb-column-inner{text-align:center;}}#advgb-cols-1024e07e-89cf-4e93-980b-532685147651{margin-top:50px;margin-right:50px;margin-bottom:50px;margin-left:50px;}@media screen and (max-width: 1023px) {#advgb-cols-1024e07e-89cf-4e93-980b-532685147651{}}@media screen and (max-width: 767px) {#advgb-cols-1024e07e-89cf-4e93-980b-532685147651{}}#advgb-col-78eef119-8c8a-4297-81fd-69d3660721de>.advgb-column-inner{text-align:center;}@media screen and (max-width: 1023px) {#advgb-col-78eef119-8c8a-4297-81fd-69d3660721de>.advgb-column-inner{}}@media screen and (max-width: 767px) {#advgb-col-78eef119-8c8a-4297-81fd-69d3660721de>.advgb-column-inner{text-align:center;}}#advgb-col-a7829d01-0e46-438b-98e6-02dcdee92f5e>.advgb-column-inner{text-align:center;}@media screen and (max-width: 1023px) {#advgb-col-a7829d01-0e46-438b-98e6-02dcdee92f5e>.advgb-column-inner{}}@media screen and (max-width: 767px) {#advgb-col-a7829d01-0e46-438b-98e6-02dcdee92f5e>.advgb-column-inner{text-align:center;}}#advgb-cols-58b06095-02b8-4098-ae92-bf0d8e83a8c2{margin-top:50px;margin-right:50px;margin-bottom:48px;margin-left:50px;}@media screen and (max-width: 1023px) {#advgb-cols-58b06095-02b8-4098-ae92-bf0d8e83a8c2{}}@media screen and (max-width: 767px) {#advgb-cols-58b06095-02b8-4098-ae92-bf0d8e83a8c2{}}#advgb-col-a425757b-8885-459e-a252-055edd1c2a90>.advgb-column-inner{text-align:center;}@media screen and (max-width: 1023px) {#advgb-col-a425757b-8885-459e-a252-055edd1c2a90>.advgb-column-inner{}}@media screen and (max-width: 767px) {#advgb-col-a425757b-8885-459e-a252-055edd1c2a90>.advgb-column-inner{text-align:center;}}#advgb-col-ae59af9b-a113-48f3-92b1-661e9b558bbe>.advgb-column-inner{text-align:center;}@media screen and (max-width: 1023px) {#advgb-col-ae59af9b-a113-48f3-92b1-661e9b558bbe>.advgb-column-inner{}}@media screen and (max-width: 767px) {#advgb-col-ae59af9b-a113-48f3-92b1-661e9b558bbe>.advgb-column-inner{text-align:center;}}.advgb-tabs-d23e9cfe-07b1-470d-84a5-2a772229cf0d ul.advgb-tabs-panel li.advgb-tab.advgb-tab-active {background-color:#5954d6 !important;color:#fff !important;}#advgb-tabs-d23e9cfe-07b1-470d-84a5-2a772229cf0d .advgb-tab-body-header.header-active, .advgb-tabs-d23e9cfe-07b1-470d-84a5-2a772229cf0d .advgb-tab-body-header.header-active{background-color:#5954d6 !important;color:#fff !important;}#advgb-cols-1024e07e-89cf-4e93-980b-532685147651{margin-top:50px;margin-right:50px;margin-bottom:50px;margin-left:50px;}@media screen and (max-width: 1023px) {#advgb-cols-1024e07e-89cf-4e93-980b-532685147651{}}@media screen and (max-width: 767px) {#advgb-cols-1024e07e-89cf-4e93-980b-532685147651{}}#advgb-col-78eef119-8c8a-4297-81fd-69d3660721de>.advgb-column-inner{text-align:center;}@media screen and (max-width: 1023px) {#advgb-col-78eef119-8c8a-4297-81fd-69d3660721de>.advgb-column-inner{}}@media screen and (max-width: 767px) {#advgb-col-78eef119-8c8a-4297-81fd-69d3660721de>.advgb-column-inner{text-align:center;}}#advgb-col-a7829d01-0e46-438b-98e6-02dcdee92f5e>.advgb-column-inner{text-align:center;}@media screen and (max-width: 1023px) {#advgb-col-a7829d01-0e46-438b-98e6-02dcdee92f5e>.advgb-column-inner{}}@media screen and (max-width: 767px) {#advgb-col-a7829d01-0e46-438b-98e6-02dcdee92f5e>.advgb-column-inner{text-align:center;}}#advgb-cols-58b06095-02b8-4098-ae92-bf0d8e83a8c2{margin-top:50px;margin-right:50px;margin-bottom:48px;margin-left:50px;}@media screen and (max-width: 1023px) {#advgb-cols-58b06095-02b8-4098-ae92-bf0d8e83a8c2{}}@media screen and (max-width: 767px) {#advgb-cols-58b06095-02b8-4098-ae92-bf0d8e83a8c2{}}#advgb-col-a425757b-8885-459e-a252-055edd1c2a90>.advgb-column-inner{text-align:center;}@media screen and (max-width: 1023px) {#advgb-col-a425757b-8885-459e-a252-055edd1c2a90>.advgb-column-inner{}}@media screen and (max-width: 767px) {#advgb-col-a425757b-8885-459e-a252-055edd1c2a90>.advgb-column-inner{text-align:center;}}#advgb-col-ae59af9b-a113-48f3-92b1-661e9b558bbe>.advgb-column-inner{text-align:center;}@media screen and (max-width: 1023px) {#advgb-col-ae59af9b-a113-48f3-92b1-661e9b558bbe>.advgb-column-inner{}}@media screen and (max-width: 767px) {#advgb-col-ae59af9b-a113-48f3-92b1-661e9b558bbe>.advgb-column-inner{text-align:center;}}<\/style>","protected":false},"excerpt":{"rendered":"","protected":false},"author":1,"featured_media":0,"parent":0,"menu_order":0,"comment_status":"closed","ping_status":"closed","template":"","meta":{"advgb_blocks_editor_width":"","advgb_blocks_columns_visual_guide":"","site-sidebar-layout":"default","site-content-layout":"","ast-site-content-layout":"default","site-content-style":"default","site-sidebar-style":"default","ast-global-header-display":"","ast-banner-title-visibility":"","ast-main-header-display":"","ast-hfb-above-header-display":"","ast-hfb-below-header-display":"","ast-hfb-mobile-header-display":"","site-post-title":"","ast-breadcrumbs-content":"","ast-featured-img":"","footer-sml-layout":"","ast-disable-related-posts":"","theme-transparent-header-meta":"","adv-header-id-meta":"","stick-header-meta":"","header-above-stick-meta":"","header-main-stick-meta":"","header-below-stick-meta":"","astra-migrate-meta-layouts":"default","ast-page-background-enabled":"default","ast-page-background-meta":{"desktop":{"background-color":"var(--ast-global-color-5)","background-image":"","background-repeat":"repeat","background-position":"center center","background-size":"auto","background-attachment":"scroll","background-type":"","background-media":"","overlay-type":"","overlay-color":"","overlay-opacity":"","overlay-gradient":""},"tablet":{"background-color":"","background-image":"","background-repeat":"repeat","background-position":"center center","background-size":"auto","background-attachment":"scroll","background-type":"","background-media":"","overlay-type":"","overlay-color":"","overlay-opacity":"","overlay-gradient":""},"mobile":{"background-color":"","background-image":"","background-repeat":"repeat","background-position":"center center","background-size":"auto","background-attachment":"scroll","background-type":"","background-media":"","overlay-type":"","overlay-color":"","overlay-opacity":"","overlay-gradient":""}},"ast-content-background-meta":{"desktop":{"background-color":"var(--ast-global-color-4)","background-image":"","background-repeat":"repeat","background-position":"center center","background-size":"auto","background-attachment":"scroll","background-type":"","background-media":"","overlay-type":"","overlay-color":"","overlay-opacity":"","overlay-gradient":""},"tablet":{"background-color":"var(--ast-global-color-4)","background-image":"","background-repeat":"repeat","background-position":"center center","background-size":"auto","background-attachment":"scroll","background-type":"","background-media":"","overlay-type":"","overlay-color":"","overlay-opacity":"","overlay-gradient":""},"mobile":{"background-color":"var(--ast-global-color-4)","background-image":"","background-repeat":"repeat","background-position":"center center","background-size":"auto","background-attachment":"scroll","background-type":"","background-media":"","overlay-type":"","overlay-color":"","overlay-opacity":"","overlay-gradient":""}},"footnotes":""},"class_list":["post-33","page","type-page","status-publish","hentry"],"coauthors":[],"author_meta":{"author_link":"https:\/\/onkologie-bellevue.ch\/index.php\/author\/baettigoncologych\/","display_name":"admin"},"relative_dates":{"created":"Ver\u00f6ffentlicht 4\u00a0Monaten vor","modified":"Aktualisiert 2\u00a0Monaten vor"},"absolute_dates":{"created":"Ver\u00f6ffentlicht am 31.12.2025","modified":"Aktualisiert am 19.02.2026"},"absolute_dates_time":{"created":"Ver\u00f6ffentlicht am 31.12.2025 10:47","modified":"Aktualisiert am 19.02.2026 10:51"},"featured_img_caption":"","featured_img":false,"series_order":"","_links":{"self":[{"href":"https:\/\/onkologie-bellevue.ch\/index.php\/wp-json\/wp\/v2\/pages\/33","targetHints":{"allow":["GET"]}}],"collection":[{"href":"https:\/\/onkologie-bellevue.ch\/index.php\/wp-json\/wp\/v2\/pages"}],"about":[{"href":"https:\/\/onkologie-bellevue.ch\/index.php\/wp-json\/wp\/v2\/types\/page"}],"author":[{"embeddable":true,"href":"https:\/\/onkologie-bellevue.ch\/index.php\/wp-json\/wp\/v2\/users\/1"}],"replies":[{"embeddable":true,"href":"https:\/\/onkologie-bellevue.ch\/index.php\/wp-json\/wp\/v2\/comments?post=33"}],"version-history":[{"count":80,"href":"https:\/\/onkologie-bellevue.ch\/index.php\/wp-json\/wp\/v2\/pages\/33\/revisions"}],"predecessor-version":[{"id":601,"href":"https:\/\/onkologie-bellevue.ch\/index.php\/wp-json\/wp\/v2\/pages\/33\/revisions\/601"}],"wp:attachment":[{"href":"https:\/\/onkologie-bellevue.ch\/index.php\/wp-json\/wp\/v2\/media?parent=33"}],"curies":[{"name":"wp","href":"https:\/\/api.w.org\/{rel}","templated":true}]}}